{"id":10661,"date":"2017-03-29T13:50:17","date_gmt":"2017-03-29T13:50:17","guid":{"rendered":"http:\/\/www.elsindic.com\/observatori-de-la-vulnerabilitat\/documents\/"},"modified":"2017-12-21T08:50:34","modified_gmt":"2017-12-21T08:50:34","slug":"documents","status":"publish","type":"page","link":"https:\/\/www.elsindic.com\/va\/observatori-de-la-vulnerabilitat\/documents\/","title":{"rendered":"Documents"},"content":{"rendered":"<div class=\"wpb-content-wrapper\"><p>[vc_row css=&#8221;.vc_custom_1485160879447{padding-top: 30px !important;}&#8221;][vc_column][vc_column_text]En aquest apartat recollirem, ja siga a trav\u00e9s d\u2019enlla\u00e7os inform\u00e0tics, ja siga directament, legislaci\u00f3, articles, informes, etc. que considerem interessants per als membres de l&#8217;Observatori.<\/p>\n<p>Tots els membres del Plenari podran fer-hi les aportacions que consideren convenients, per a la qual cosa hauran d\u2019indicar-ho al S\u00edndic de Greuges a fi que introdu\u00efsca el document en aquesta secci\u00f3.<\/p>\n<h4><\/h4>\n<p>[\/vc_column_text]<div class=\"grid_12\">\r\n                <div class=\"filtro\">\r\n                    <form name=\"news_filter\" method=\"get\">\r\n                        <input type=\"hidden\" name=\"paged\" value=\"1\" \/>\r\n                        <!--<input type=\"hidden\" name=\"ajax_url\" id=\"ajax_url\" value=\"https:\/\/www.elsindic.com\/wp-admin\/admin-ajax.php\" \/>-->\r\n                        <div class=\"container_12\">\r\n                            <div class=\"cont-bloques\">                                \r\n                                <div class=\"bloque\">\r\n                                    <p>Observatori de la Vulnerabilitat documents<\/p>\r\n                                    <select name=\"categoria\" class=\"categoria\"><option value=\"\">.. Todos ..<\/option><option value=\"196\">Enlla\u00e7os<\/option><option value=\"110\">Informes<\/option><option value=\"111\">Normativa<\/option><option value=\"109\">Resolucions del S\u00edndic<\/option><\/select><\/div>\r\n                                <div class=\"bloque ultimo\">\r\n                                    <input type=\"submit\" value=\"Filtrar\" \/>\r\n                                <\/div>\r\n                                <div class=\"clear\"><\/div>\r\n                            <\/div>\r\n                        <\/div>\r\n                    <\/form>\r\n                <\/div>\r\n            <\/div>\r\n            <div class=\"clear\"><\/div><div class=\"resultados\">\r\n        <div class=\"container_12\">\r\n            <p class=\"titulo\">Resultats de la cerca<\/p>\r\n            <p class=\"n_resultados\">S'han trobat 29 coincid\u00e8ncies<\/p>\r\n\r\n            <div class=\"listado\"><article class=\"adjunto\">\r\n                    <p><a href=\"https:\/\/www.elsindic.com\/wp-content\/uploads\/2022\/02\/Informes-territoriales-2022-Comunitat-Valenciana-2.pdf\" target='_blank'>Informe FOESSA sobre exclusi\u00f3n y desarrollo social en  la Comunitat Valenciana 2022<\/a><\/p><\/article><article class=\"adjunto\">\r\n                    <p><a href=\"http:\/\/www.elsindic.com\/wp-content\/uploads\/2017\/04\/669_IVASS.pdf\" target='_blank'>Llei 13\/2016, de 29 de desembre, de mesures fiscals, de gesti\u00f3 administrativa i financera, i d\u2019organitzaci\u00f3 de la Generalitat (IVASS)<\/a><\/p><\/article><article class=\"adjunto\">\r\n                    <p><a href=\"http:\/\/www.elsindic.com\/wp-content\/uploads\/2017\/04\/668_decreto-7-2013-IVAS.pdf\" target='_blank'>Decret 7\/2013, de 4 de gener. Reglament de l&#8217;Institut Valenci\u00e0 d&#8217;Acci\u00f3 Social (IVAS)<\/a><\/p><\/article><article class=\"adjunto\">\r\n                    <p><a href=\"http:\/\/www.elsindic.com\/wp-content\/uploads\/2017\/04\/667_Decreto-136-2011-COMISI\u00d3N-DE-TUTELAS.pdf\" target='_blank'>Decret 136\/2011, de 30 de setembre, del Consell, sobre la Comissi\u00f3 Valenciana de Tuteles i Defensa Judicial d&#8217;Incapacitats<\/a><\/p><\/article><article class=\"adjunto\">\r\n                    <p><a href=\"http:\/\/www.elsindic.com\/wp-content\/uploads\/2017\/04\/666_Protocolo-para-modificar-la-capacidad.pdf\" target='_blank'>Protocol de modificaci\u00f3 de capacitat d&#8217;obrar de persones amb discapacitat<\/a><\/p><\/article><article class=\"adjunto\">\r\n                    <p><a href=\"http:\/\/www.elsindic.com\/wp-content\/uploads\/2017\/04\/665_Manual-de-buenas-pr\u00e1cticas-de-fiscalia-protecci\u00f3n-de-las-personas-con-discapacidad.pdf\" target='_blank'>Manual de bones pr\u00e0ctiques. Ministeri Fiscal. Protecci\u00f3 a persones amb discapacitat<\/a><\/p><\/article><\/div>\r\n        <\/div>\r\n    <\/div><div class='paginacion'><ul class=\"module-list\"><li class=\"active\"><a href=\"#\" title=\"1\" class=\"text11 active\">1<\/a><\/li><li><a href='https:\/\/www.elsindic.com\/va\/wp-json\/wp\/v2\/pages\/10661\/page\/2\/' class='text11' >2<\/a><\/li><li><a href='https:\/\/www.elsindic.com\/va\/wp-json\/wp\/v2\/pages\/10661\/page\/3\/' class='text11' >3<\/a><\/li><li><a href='https:\/\/www.elsindic.com\/va\/wp-json\/wp\/v2\/pages\/10661\/page\/4\/' class='text11' >4<\/a><\/li><li><a href='https:\/\/www.elsindic.com\/va\/wp-json\/wp\/v2\/pages\/10661\/page\/5\/' class='text11' >5<\/a><\/li><\/ul><a href=\"https:\/\/www.elsindic.com\/va\/wp-json\/wp\/v2\/pages\/10661\/page\/2\/\" title=\"Anterior\" class=\"arrow-button arrow-button-right\"><\/a><\/div>\n[\/vc_column][\/vc_row]<\/p>\n<\/div>","protected":false},"excerpt":{"rendered":"<p>[vc_row css=&#8221;.vc_custom_1485160879447{padding-top: 30px !important;}&#8221;][vc_column][vc_column_text]En aquest apartat recollirem, ja siga a trav\u00e9s d\u2019enlla\u00e7os inform\u00e0tics, ja siga directament, legislaci\u00f3, articles, informes, etc. que considerem interessants per als membres de l&#8217;Observatori. Tots els membres del Plenari podran fer-hi les aportacions que consideren convenients, per a la qual cosa hauran d\u2019indicar-ho al S\u00edndic de Greuges a fi que introdu\u00efsca [&hellip;]<\/p>\n","protected":false},"author":1,"featured_media":0,"parent":10654,"menu_order":0,"comment_status":"closed","ping_status":"closed","template":"","meta":{"footnotes":""},"class_list":["post-10661","page","type-page","status-publish","hentry"],"_links":{"self":[{"href":"https:\/\/www.elsindic.com\/va\/wp-json\/wp\/v2\/pages\/10661"}],"collection":[{"href":"https:\/\/www.elsindic.com\/va\/wp-json\/wp\/v2\/pages"}],"about":[{"href":"https:\/\/www.elsindic.com\/va\/wp-json\/wp\/v2\/types\/page"}],"author":[{"embeddable":true,"href":"https:\/\/www.elsindic.com\/va\/wp-json\/wp\/v2\/users\/1"}],"replies":[{"embeddable":true,"href":"https:\/\/www.elsindic.com\/va\/wp-json\/wp\/v2\/comments?post=10661"}],"version-history":[{"count":4,"href":"https:\/\/www.elsindic.com\/va\/wp-json\/wp\/v2\/pages\/10661\/revisions"}],"predecessor-version":[{"id":15277,"href":"https:\/\/www.elsindic.com\/va\/wp-json\/wp\/v2\/pages\/10661\/revisions\/15277"}],"up":[{"embeddable":true,"href":"https:\/\/www.elsindic.com\/va\/wp-json\/wp\/v2\/pages\/10654"}],"wp:attachment":[{"href":"https:\/\/www.elsindic.com\/va\/wp-json\/wp\/v2\/media?parent=10661"}],"curies":[{"name":"wp","href":"https:\/\/api.w.org\/{rel}","templated":true}]}}